{"id":22679,"date":"2024-10-09T16:35:53","date_gmt":"2024-10-09T13:35:53","guid":{"rendered":"https:\/\/32academy.com\/speaker\/prof-massimo-albanese\/"},"modified":"2024-10-16T14:25:13","modified_gmt":"2024-10-16T11:25:13","slug":"prof-massimo-albanese","status":"publish","type":"speaker","link":"https:\/\/32academy.com\/ro\/speaker\/prof-massimo-albanese\/","title":{"rendered":"Prof. Massimo Albanese"},"content":{"rendered":"\n<p>Prof. Massimo Albanese &#8211; A absolvit Medicina \u0219i Chirurgia la Universitatea din Verona \u00een 1998, apoi s-a specializat \u00een 2003 \u00een Chirurgie Maxilofacial\u0103 la aceea\u0219i universitate.\u0218i-a desf\u0103\u0219urat cariera academic\u0103 \u00een cadrul Universit\u0103\u021bii din Verona mai \u00eent\u00e2i ca cercet\u0103tor (2002), apoi ca profesor asociat (2014) \u0219i din 2022 este profesor ordinar \u00een \u201eBoli Odontostomatologice\u201d. \u00cen prezent este profesor titular \u0219i chirurg maxilo-facial la Clinica stomatologic\u0103 \u0219i chirurgie maxilo-facial\u0103 a Spitalului Universitar Integrat dinVerona\u00cen ultimii dou\u0103zeci de ani a \u021binut numeroase prelegeri \u00een universitate \u00een cadrul cursurilor de licen\u021b\u0103 de Medicin\u0103 \u0219i Chirurgie, Stomatologie \u0219i Prostez\u0103 dentar\u0103 \u0219i Igien\u0103 dentar\u0103,la Universitatea din Verona. Pe parcursul acestor ani,profesorul Albanese a participat \u00een calitate de vorbitor la cele mai importante congrese \u0219i cursuri de specializare privind tehnicile de implant dentar. Este autorul a numeroase articole \u0219tiin\u021bifice \u00een reviste na\u021bionale \u0219i interna\u021bionale.<\/p>\n","protected":false},"excerpt":{"rendered":"<p>Prof. Massimo Albanese &#8211; A absolvit Medicina \u0219i Chirurgia la Universitatea din Verona \u00een 1998, apoi s-a specializat \u00een 2003 \u00een Chirurgie Maxilofacial\u0103 la aceea\u0219i universitate.\u0218i-a desf\u0103\u0219urat cariera academic\u0103 \u00een cadrul Universit\u0103\u021bii din Verona mai \u00eent\u00e2i ca cercet\u0103tor (2002), apoi ca profesor asociat (2014) \u0219i din 2022 este profesor ordinar \u00een \u201eBoli Odontostomatologice\u201d. \u00cen prezent [&hellip;]<\/p>\n","protected":false},"featured_media":24415,"template":"","meta":{"_acf_changed":true},"speaker-category":[442],"class_list":["post-22679","speaker","type-speaker","status-publish","has-post-thumbnail","hentry","speaker-category-course-ro"],"acf":[],"_links":{"self":[{"href":"https:\/\/32academy.com\/ro\/wp-json\/wp\/v2\/speaker\/22679","targetHints":{"allow":["GET"]}}],"collection":[{"href":"https:\/\/32academy.com\/ro\/wp-json\/wp\/v2\/speaker"}],"about":[{"href":"https:\/\/32academy.com\/ro\/wp-json\/wp\/v2\/types\/speaker"}],"wp:featuredmedia":[{"embeddable":true,"href":"https:\/\/32academy.com\/ro\/wp-json\/wp\/v2\/media\/24415"}],"wp:attachment":[{"href":"https:\/\/32academy.com\/ro\/wp-json\/wp\/v2\/media?parent=22679"}],"wp:term":[{"taxonomy":"speaker-category","embeddable":true,"href":"https:\/\/32academy.com\/ro\/wp-json\/wp\/v2\/speaker-category?post=22679"}],"curies":[{"name":"wp","href":"https:\/\/api.w.org\/{rel}","templated":true}]}}